{"id":755,"date":"2023-04-27T10:47:29","date_gmt":"2023-04-27T13:47:29","guid":{"rendered":"https:\/\/burlantins.com.br\/benjamin\/?page_id=755"},"modified":"2023-05-08T10:31:42","modified_gmt":"2023-05-08T13:31:42","slug":"sobre-2","status":"publish","type":"page","link":"https:\/\/burlantins.com.br\/benjamin\/sobre-2\/","title":{"rendered":"Sobre"},"content":{"rendered":"\t\t<div data-elementor-type=\"wp-page\" data-elementor-id=\"755\" class=\"elementor elementor-755\" data-elementor-settings=\"[]\">\n\t\t\t\t\t\t\t<div class=\"elementor-section-wrap\">\n\t\t\t\t\t\t\t<section class=\"elementor-section elementor-top-section elementor-element elementor-element-fe40fcd elementor-section-boxed elementor-section-height-default elementor-section-height-default\" data-id=\"fe40fcd\" data-element_type=\"section\">\n\t\t\t\t\t\t<div class=\"elementor-container elementor-column-gap-default\">\n\t\t\t\t\t<div class=\"elementor-column elementor-col-50 elementor-top-column elementor-element elementor-element-e09716f\" data-id=\"e09716f\" data-element_type=\"column\" data-settings=\"{&quot;background_background&quot;:&quot;classic&quot;}\">\n\t\t\t<div class=\"elementor-widget-wrap elementor-element-populated\">\n\t\t\t\t\t\t\t\t<div class=\"elementor-element elementor-element-e4470a8 elementor-hidden-desktop elementor-widget elementor-widget-image\" data-id=\"e4470a8\" data-element_type=\"widget\" data-widget_type=\"image.default\">\n\t\t\t\t<div class=\"elementor-widget-container\">\n\t\t\t\t\t\t\t\t\t\t\t\t\t\t\t<img loading=\"lazy\" decoding=\"async\" width=\"800\" height=\"550\" src=\"https:\/\/burlantins.com.br\/benjamin\/wp-content\/uploads\/2023\/04\/titulo_home-min.png\" class=\"attachment-large size-large\" alt=\"\" \/>\t\t\t\t\t\t\t\t\t\t\t\t\t\t\t<\/div>\n\t\t\t\t<\/div>\n\t\t\t\t\t<\/div>\n\t\t<\/div>\n\t\t\t\t<div class=\"elementor-column elementor-col-50 elementor-top-column elementor-element elementor-element-b3ec4ec\" data-id=\"b3ec4ec\" data-element_type=\"column\" data-settings=\"{&quot;background_background&quot;:&quot;classic&quot;}\">\n\t\t\t<div class=\"elementor-widget-wrap elementor-element-populated\">\n\t\t\t\t\t\t\t\t<div class=\"elementor-element elementor-element-e2945bf elementor-widget elementor-widget-heading\" data-id=\"e2945bf\" data-element_type=\"widget\" data-widget_type=\"heading.default\">\n\t\t\t\t<div class=\"elementor-widget-container\">\n\t\t\t<h2 class=\"elementor-heading-title elementor-size-default\">sobre<\/h2>\t\t<\/div>\n\t\t\t\t<\/div>\n\t\t\t\t<div class=\"elementor-element elementor-element-3feff2d elementor-widget elementor-widget-text-editor\" data-id=\"3feff2d\" data-element_type=\"widget\" data-widget_type=\"text-editor.default\">\n\t\t\t\t<div class=\"elementor-widget-container\">\n\t\t\t\t\t\t\t<p><span style=\"font-weight: 300;\">Idealizada por <\/span><b>Mauricio Tizumba <\/b><span style=\"font-weight: 300;\">em 2013, a <\/span><b>Mostra Benjamin de Oliveira<\/b><span style=\"font-weight: 300;\"> revela no nome seu eixo tem\u00e1tico. Benjamin de Oliveira foi o primeiro palha\u00e7o negro do Brasil, conhecido como o Rei dos Palha\u00e7os e considerado o criador do circo-teatro brasileiro.&nbsp;&nbsp;<\/span><\/p>\n<p><span style=\"font-weight: 300;\">Neste ano, sua 7\u00aa edi\u00e7\u00e3o reafirma o objetivo de valorizar a cultura afro-brasileira por meio do protagonismo dos corpos negros em cena, trazendo a\u00e7\u00f5es formativas e espet\u00e1culos com equipe compostas predominantemente por pessoas negras.&nbsp;<\/span><\/p>\n<p><span style=\"font-weight: 300;\">\/\/ a 7\u00aa edi\u00e7\u00e3o da Mostra Benjamin de Oliveira \u00e9 viabilizada por meio da Lei Municipal de Incentivo \u00e0 Cultura da Prefeitura de Belo Horizonte.<\/span><\/p>\n<h2><b>FICHA T\u00c9CNICA<\/b><\/h2>\n<p><span style=\"font-size: 15.2px;\"><i>Idealiza\u00e7\u00e3o: Mauricio Tizumba<\/i><\/span><\/p><p><span style=\"font-size: 15.2px;\"><i>Realiza\u00e7\u00e3o: Cia Burlantins<\/i><\/span><\/p><p><span style=\"font-size: 15.2px;\"><i>Curadoria: J\u00falia Tizumba e Rui Moreira<\/i><\/span><\/p><p><span style=\"font-size: 15.2px;\"><i>Gest\u00e3o e produ\u00e7\u00e3o executiva: Alexandre Tavera e Elias Gibran (Napele Produ\u00e7\u00f5es Art\u00edsticas)<\/i><\/span><\/p><p><span style=\"font-size: 15.2px;\"><i>Comunica\u00e7\u00e3o: J\u00e9ssica Soares<\/i><\/span><\/p><p><span style=\"font-size: 15.2px;\"><i>Design: Mariana Misk (OESTE)<\/i><\/span><\/p><p><span style=\"font-size: 15.2px;\"><i>Site: Eduardo Gab\u00e3o<\/i><\/span><\/p><p><span style=\"font-size: 15.2px;\"><i>Imprensa: Jozane Faleiro<\/i><\/span><\/p><p><span style=\"font-size: 15.2px;\"><i>Registro: Pablo Bernardo<\/i><\/span><\/p><p><span style=\"font-size: 15.2px;\"><i>T\u00e9cnica: Colibri e Juninho<\/i><\/span><\/p><p><span style=\"font-size: 15.2px;\"><i>Alimenta\u00e7\u00e3o: Tia Rosa<\/i><\/span><\/p>\t\t\t\t\t\t<\/div>\n\t\t\t\t<\/div>\n\t\t\t\t\t<\/div>\n\t\t<\/div>\n\t\t\t\t\t\t\t<\/div>\n\t\t<\/section>\n\t\t\t\t<section class=\"elementor-section elementor-top-section elementor-element elementor-element-0d11bac elementor-section-boxed elementor-section-height-default elementor-section-height-default\" data-id=\"0d11bac\" data-element_type=\"section\">\n\t\t\t\t\t\t<div class=\"elementor-container elementor-column-gap-default\">\n\t\t\t\t\t<div class=\"elementor-column elementor-col-100 elementor-top-column elementor-element elementor-element-5197de2\" data-id=\"5197de2\" data-element_type=\"column\">\n\t\t\t<div class=\"elementor-widget-wrap elementor-element-populated\">\n\t\t\t\t\t\t\t\t<div class=\"elementor-element elementor-element-e39a664 elementor-shape-circle e-grid-align-right e-grid-align-mobile-center elementor-grid-0 elementor-widget elementor-widget-social-icons\" data-id=\"e39a664\" data-element_type=\"widget\" data-widget_type=\"social-icons.default\">\n\t\t\t\t<div class=\"elementor-widget-container\">\n\t\t\t\t\t<div class=\"elementor-social-icons-wrapper elementor-grid\">\n\t\t\t\t\t\t\t<span class=\"elementor-grid-item\">\n\t\t\t\t\t<a class=\"elementor-icon elementor-social-icon elementor-social-icon-facebook elementor-repeater-item-d533e3a\" href=\"https:\/\/www.facebook.com\/burlantins\" target=\"_blank\">\n\t\t\t\t\t\t<span class=\"elementor-screen-only\">Facebook<\/span>\n\t\t\t\t\t\t<i class=\"fab fa-facebook\"><\/i>\t\t\t\t\t<\/a>\n\t\t\t\t<\/span>\n\t\t\t\t\t\t\t<span class=\"elementor-grid-item\">\n\t\t\t\t\t<a class=\"elementor-icon elementor-social-icon elementor-social-icon-instagram elementor-repeater-item-a60936e\" href=\"https:\/\/www.instagram.com\/ciaburlantins\/\" target=\"_blank\">\n\t\t\t\t\t\t<span class=\"elementor-screen-only\">Instagram<\/span>\n\t\t\t\t\t\t<i class=\"fab fa-instagram\"><\/i>\t\t\t\t\t<\/a>\n\t\t\t\t<\/span>\n\t\t\t\t\t\t\t<span class=\"elementor-grid-item\">\n\t\t\t\t\t<a class=\"elementor-icon elementor-social-icon elementor-social-icon-youtube elementor-repeater-item-b6eb838\" href=\"https:\/\/www.youtube.com\/ciaburlantins\" target=\"_blank\">\n\t\t\t\t\t\t<span class=\"elementor-screen-only\">Youtube<\/span>\n\t\t\t\t\t\t<i class=\"fab fa-youtube\"><\/i>\t\t\t\t\t<\/a>\n\t\t\t\t<\/span>\n\t\t\t\t\t\t\t<span class=\"elementor-grid-item\">\n\t\t\t\t\t<a class=\"elementor-icon elementor-social-icon elementor-social-icon-envelope elementor-repeater-item-d431c3a\" href=\"mailto:burlantis@gmail.com\" target=\"_blank\">\n\t\t\t\t\t\t<span class=\"elementor-screen-only\">Envelope<\/span>\n\t\t\t\t\t\t<i class=\"fas fa-envelope\"><\/i>\t\t\t\t\t<\/a>\n\t\t\t\t<\/span>\n\t\t\t\t\t<\/div>\n\t\t\t\t<\/div>\n\t\t\t\t<\/div>\n\t\t\t\t<div class=\"elementor-element elementor-element-c866a85 elementor-widget elementor-widget-text-editor\" data-id=\"c866a85\" data-element_type=\"widget\" data-widget_type=\"text-editor.default\">\n\t\t\t\t<div class=\"elementor-widget-container\">\n\t\t\t\t\t\t\t<p><span style=\"font-weight: 400;\">burlantins@gmail.com<\/span><\/p>\t\t\t\t\t\t<\/div>\n\t\t\t\t<\/div>\n\t\t\t\t\t<\/div>\n\t\t<\/div>\n\t\t\t\t\t\t\t<\/div>\n\t\t<\/section>\n\t\t\t\t<section class=\"elementor-section elementor-top-section elementor-element elementor-element-c2a0fd3 elementor-section-boxed elementor-section-height-default elementor-section-height-default\" data-id=\"c2a0fd3\" data-element_type=\"section\" data-settings=\"{&quot;background_background&quot;:&quot;classic&quot;}\">\n\t\t\t\t\t\t<div class=\"elementor-container elementor-column-gap-default\">\n\t\t\t\t\t<div class=\"elementor-column elementor-col-100 elementor-top-column elementor-element elementor-element-8c4328d\" data-id=\"8c4328d\" data-element_type=\"column\">\n\t\t\t<div class=\"elementor-widget-wrap elementor-element-populated\">\n\t\t\t\t\t\t\t\t<div class=\"elementor-element elementor-element-c11ea51 elementor-hidden-phone elementor-widget elementor-widget-image\" data-id=\"c11ea51\" data-element_type=\"widget\" data-widget_type=\"image.default\">\n\t\t\t\t<div class=\"elementor-widget-container\">\n\t\t\t\t\t\t\t\t\t\t\t\t\t\t\t<img loading=\"lazy\" decoding=\"async\" width=\"800\" height=\"111\" src=\"https:\/\/burlantins.com.br\/benjamin\/wp-content\/uploads\/2023\/04\/rodape-1024x142.png\" class=\"attachment-large size-large\" alt=\"\" \/>\t\t\t\t\t\t\t\t\t\t\t\t\t\t\t<\/div>\n\t\t\t\t<\/div>\n\t\t\t\t<div class=\"elementor-element elementor-element-307d92f elementor-hidden-desktop elementor-hidden-tablet elementor-widget elementor-widget-image\" data-id=\"307d92f\" data-element_type=\"widget\" data-widget_type=\"image.default\">\n\t\t\t\t<div class=\"elementor-widget-container\">\n\t\t\t\t\t\t\t\t\t\t\t\t\t\t\t<img loading=\"lazy\" decoding=\"async\" width=\"453\" height=\"234\" src=\"https:\/\/burlantins.com.br\/benjamin\/wp-content\/uploads\/2021\/06\/rodape_mobile2-min.png\" class=\"attachment-large size-large\" alt=\"\" \/>\t\t\t\t\t\t\t\t\t\t\t\t\t\t\t<\/div>\n\t\t\t\t<\/div>\n\t\t\t\t\t<\/div>\n\t\t<\/div>\n\t\t\t\t\t\t\t<\/div>\n\t\t<\/section>\n\t\t\t\t\t\t<\/div>\n\t\t\t\t\t<\/div>\n\t\t","protected":false},"excerpt":{"rendered":"<p>sobre Idealizada por Mauricio Tizumba em 2013, a Mostra Benjamin de Oliveira revela no nome seu eixo tem\u00e1tico. Benjamin de Oliveira foi o primeiro palha\u00e7o negro do Brasil, conhecido como o Rei dos Palha\u00e7os e considerado o criador do circo-teatro brasileiro.&nbsp;&nbsp; Neste ano, sua 7\u00aa edi\u00e7\u00e3o reafirma o objetivo de valorizar a cultura afro-brasileira por [&hellip;]<\/p>\n","protected":false},"author":1,"featured_media":0,"parent":0,"menu_order":0,"comment_status":"closed","ping_status":"closed","template":"elementor_header_footer","meta":{"footnotes":""},"_links":{"self":[{"href":"https:\/\/burlantins.com.br\/benjamin\/wp-json\/wp\/v2\/pages\/755"}],"collection":[{"href":"https:\/\/burlantins.com.br\/benjamin\/wp-json\/wp\/v2\/pages"}],"about":[{"href":"https:\/\/burlantins.com.br\/benjamin\/wp-json\/wp\/v2\/types\/page"}],"author":[{"embeddable":true,"href":"https:\/\/burlantins.com.br\/benjamin\/wp-json\/wp\/v2\/users\/1"}],"replies":[{"embeddable":true,"href":"https:\/\/burlantins.com.br\/benjamin\/wp-json\/wp\/v2\/comments?post=755"}],"version-history":[{"count":25,"href":"https:\/\/burlantins.com.br\/benjamin\/wp-json\/wp\/v2\/pages\/755\/revisions"}],"predecessor-version":[{"id":817,"href":"https:\/\/burlantins.com.br\/benjamin\/wp-json\/wp\/v2\/pages\/755\/revisions\/817"}],"wp:attachment":[{"href":"https:\/\/burlantins.com.br\/benjamin\/wp-json\/wp\/v2\/media?parent=755"}],"curies":[{"name":"wp","href":"https:\/\/api.w.org\/{rel}","templated":true}]}}