{"id":132,"date":"2021-05-25T18:52:36","date_gmt":"2021-05-25T21:52:36","guid":{"rendered":"https:\/\/burlantins.com.br\/benjamin\/?page_id=132"},"modified":"2023-05-05T15:03:55","modified_gmt":"2023-05-05T18:03:55","slug":"programacao","status":"publish","type":"page","link":"https:\/\/burlantins.com.br\/benjamin\/programacao\/","title":{"rendered":"Programa\u00e7\u00e3o"},"content":{"rendered":"\t\t<div data-elementor-type=\"wp-page\" data-elementor-id=\"132\" class=\"elementor elementor-132\" data-elementor-settings=\"[]\">\n\t\t\t\t\t\t\t<div class=\"elementor-section-wrap\">\n\t\t\t\t\t\t\t<section class=\"elementor-section elementor-top-section elementor-element elementor-element-fe40fcd elementor-section-boxed elementor-section-height-default elementor-section-height-default\" data-id=\"fe40fcd\" data-element_type=\"section\">\n\t\t\t\t\t\t<div class=\"elementor-container elementor-column-gap-default\">\n\t\t\t\t\t<div class=\"elementor-column elementor-col-50 elementor-top-column elementor-element elementor-element-1d56cbe\" data-id=\"1d56cbe\" data-element_type=\"column\" data-settings=\"{&quot;background_background&quot;:&quot;classic&quot;}\">\n\t\t\t<div class=\"elementor-widget-wrap elementor-element-populated\">\n\t\t\t\t\t\t\t\t<div class=\"elementor-element elementor-element-626f1aa elementor-hidden-desktop elementor-widget elementor-widget-image\" data-id=\"626f1aa\" data-element_type=\"widget\" data-widget_type=\"image.default\">\n\t\t\t\t<div class=\"elementor-widget-container\">\n\t\t\t\t\t\t\t\t\t\t\t\t\t\t\t<img loading=\"lazy\" decoding=\"async\" width=\"800\" height=\"550\" src=\"https:\/\/burlantins.com.br\/benjamin\/wp-content\/uploads\/2023\/04\/titulo_home-min.png\" class=\"attachment-large size-large\" alt=\"\" \/>\t\t\t\t\t\t\t\t\t\t\t\t\t\t\t<\/div>\n\t\t\t\t<\/div>\n\t\t\t\t\t<\/div>\n\t\t<\/div>\n\t\t\t\t<div class=\"elementor-column elementor-col-50 elementor-top-column elementor-element elementor-element-c170e2f\" data-id=\"c170e2f\" data-element_type=\"column\" data-settings=\"{&quot;background_background&quot;:&quot;classic&quot;}\">\n\t\t\t<div class=\"elementor-widget-wrap elementor-element-populated\">\n\t\t\t\t\t\t\t\t<div class=\"elementor-element elementor-element-c5d0597 elementor-widget elementor-widget-heading\" data-id=\"c5d0597\" data-element_type=\"widget\" data-widget_type=\"heading.default\">\n\t\t\t\t<div class=\"elementor-widget-container\">\n\t\t\t<h2 class=\"elementor-heading-title elementor-size-default\">PROGRAMA\u00c7\u00c3O<\/h2>\t\t<\/div>\n\t\t\t\t<\/div>\n\t\t\t\t<section class=\"elementor-section elementor-inner-section elementor-element elementor-element-20ffa64 elementor-section-boxed elementor-section-height-default elementor-section-height-default\" data-id=\"20ffa64\" data-element_type=\"section\">\n\t\t\t\t\t\t<div class=\"elementor-container elementor-column-gap-default\">\n\t\t\t\t\t<div class=\"elementor-column elementor-col-100 elementor-inner-column elementor-element elementor-element-4a09a35\" data-id=\"4a09a35\" data-element_type=\"column\">\n\t\t\t<div class=\"elementor-widget-wrap elementor-element-populated\">\n\t\t\t\t\t\t\t\t<div class=\"elementor-element elementor-element-264e2a9 elementor-widget elementor-widget-heading\" data-id=\"264e2a9\" data-element_type=\"widget\" data-widget_type=\"heading.default\">\n\t\t\t\t<div class=\"elementor-widget-container\">\n\t\t\t<h2 class=\"elementor-heading-title elementor-size-default\"><span style=\"font-size:20px;\">06.05 . s\u00e1bado . 10 \u00e0s 13h\n<\/span><br>PALHA\u00c7ARIA NEGRA<\/h2>\t\t<\/div>\n\t\t\t\t<\/div>\n\t\t\t\t<div class=\"elementor-element elementor-element-970b35f elementor-widget elementor-widget-text-editor\" data-id=\"970b35f\" data-element_type=\"widget\" data-widget_type=\"text-editor.default\">\n\t\t\t\t<div class=\"elementor-widget-container\">\n\t\t\t\t\t\t\t<p><span style=\"font-weight: 300;\">com Juliene Lellis<\/span><\/p><p><span style=\"font-weight: 300;\">OFICINA | 3 horas | LIVRE<\/span><span style=\"font-weight: 300;\"><br \/><\/span> <span style=\"font-weight: 300;\">Mimulus Escola e Cia de Dan\u00e7a<\/span><\/p>\t\t\t\t\t\t<\/div>\n\t\t\t\t<\/div>\n\t\t\t\t<div class=\"elementor-element elementor-element-0871d83 elementor-widget elementor-widget-text-editor\" data-id=\"0871d83\" data-element_type=\"widget\" data-widget_type=\"text-editor.default\">\n\t\t\t\t<div class=\"elementor-widget-container\">\n\t\t\t\t\t\t\t<p><span style=\"font-weight: 300;\">A oficina <\/span><i><span style=\"font-weight: 300;\">Palha\u00e7aria Negra<\/span><\/i><span style=\"font-weight: 300;\"> trabalha a escuta, a oralidade e a prontid\u00e3o, abordando as tem\u00e1ticas \u00e9tnico-raciais atrav\u00e9s de exerc\u00edcios de palha\u00e7aria, brincadeiras, improvisa\u00e7\u00e3o, jogos teatrais e a formula\u00e7\u00e3o de pequenas cenas c\u00f4micas que partem do improviso e da oralidade.\u00a0<\/span><\/p><p><span style=\"font-weight: 300;\">O objetivo \u00e9 trabalhar o poder propositivo e criativo, bem como a po\u00e9tica pr\u00f3pria, o espont\u00e2neo, o imaginativo e a intera\u00e7\u00e3o com outro.\u00a0<\/span><\/p><p><span style=\"font-weight: 300;\">Os exerc\u00edcios propostos t\u00eam como base as manifesta\u00e7\u00f5es culturais e art\u00edsticas afro-brasileiras como os palha\u00e7os da Folia de Reis, al\u00e9m das corporeidades presentes no coco, samba e funk.\u00a0<\/span><\/p><p>\u00a0<\/p>\t\t\t\t\t\t<\/div>\n\t\t\t\t<\/div>\n\t\t\t\t<div class=\"elementor-element elementor-element-4968084 elementor-widget elementor-widget-text-editor\" data-id=\"4968084\" data-element_type=\"widget\" data-widget_type=\"text-editor.default\">\n\t\t\t\t<div class=\"elementor-widget-container\">\n\t\t\t\t\t\t\t<p><b>JULIENE LELLIS<\/b><\/p><p><span style=\"font-weight: 300;\">Juliene Lellis \u00e9 atriz, palha\u00e7a e arte-Educadora, mestranda em educa\u00e7\u00e3o (FAE\/UFMG), formada no curso t\u00e9cnico de teatro \u00e0 n\u00edvel m\u00e9dio Teatro Universit\u00e1rio (T.U.) e possui licenciatura em Teatro, ambos cursados na UFMG. Desde de 2013 trabalha como palha\u00e7a na OSC Instituto Hahaha.\u00a0<\/span><\/p><p><br \/><br \/><\/p>\t\t\t\t\t\t<\/div>\n\t\t\t\t<\/div>\n\t\t\t\t\t<\/div>\n\t\t<\/div>\n\t\t\t\t\t\t\t<\/div>\n\t\t<\/section>\n\t\t\t\t<section class=\"elementor-section elementor-inner-section elementor-element elementor-element-e0c97f4 elementor-section-boxed elementor-section-height-default elementor-section-height-default\" data-id=\"e0c97f4\" data-element_type=\"section\">\n\t\t\t\t\t\t<div class=\"elementor-container elementor-column-gap-default\">\n\t\t\t\t\t<div class=\"elementor-column elementor-col-100 elementor-inner-column elementor-element elementor-element-39691d2\" data-id=\"39691d2\" data-element_type=\"column\">\n\t\t\t<div class=\"elementor-widget-wrap elementor-element-populated\">\n\t\t\t\t\t\t\t\t<div class=\"elementor-element elementor-element-6b97336 elementor-widget elementor-widget-heading\" data-id=\"6b97336\" data-element_type=\"widget\" data-widget_type=\"heading.default\">\n\t\t\t\t<div class=\"elementor-widget-container\">\n\t\t\t<h2 class=\"elementor-heading-title elementor-size-default\"><span style=\"font-size:20px; \">06.05 . s\u00e1bado . 20h\n\n<\/span><br>ISIDORO UM NEGRO DE QUILATE<\/h2>\t\t<\/div>\n\t\t\t\t<\/div>\n\t\t\t\t<div class=\"elementor-element elementor-element-7f5f6a5 elementor-widget elementor-widget-text-editor\" data-id=\"7f5f6a5\" data-element_type=\"widget\" data-widget_type=\"text-editor.default\">\n\t\t\t\t<div class=\"elementor-widget-container\">\n\t\t\t\t\t\t\t<p><span style=\"font-weight: 300;\">com Evandro Passos<\/span><\/p><p><span style=\"font-weight: 300;\">TEATRO | 50 min. | LIVRE<\/span><span style=\"font-weight: 300;\"><br \/><\/span> <span style=\"font-weight: 300;\">Mimulus Escola e Cia de Dan\u00e7a<\/span><\/p>\t\t\t\t\t\t<\/div>\n\t\t\t\t<\/div>\n\t\t\t\t<div class=\"elementor-element elementor-element-d8e27f9 elementor-widget elementor-widget-text-editor\" data-id=\"d8e27f9\" data-element_type=\"widget\" data-widget_type=\"text-editor.default\">\n\t\t\t\t<div class=\"elementor-widget-container\">\n\t\t\t\t\t\t\t<p><span style=\"font-weight: 300;\">O espet\u00e1culo narra a trajet\u00f3ria do faiscador negro Isidoro Amorim, preso por um intendente que o acusou de contrabando. Foi arrastado pelas ruas do Arraial do Tijuco, hoje Diamantina, para servir de exemplo. No imagin\u00e1rio coletivo negro da cidade, Isidoro vive.\u00a0<\/span><\/p><p><span style=\"font-weight: 300;\">Com dan\u00e7as e cantos dos vissungos, o espet\u00e1culo procura desmistificar o t\u00edtulo de contrabandista, dando-lhe o t\u00edtulo de her\u00f3i negro. Isidoro foi contempor\u00e2neo de Chica da Silva.<\/span><\/p>\t\t\t\t\t\t<\/div>\n\t\t\t\t<\/div>\n\t\t\t\t<div class=\"elementor-element elementor-element-e9b1829 elementor-widget elementor-widget-text-editor\" data-id=\"e9b1829\" data-element_type=\"widget\" data-widget_type=\"text-editor.default\">\n\t\t\t\t<div class=\"elementor-widget-container\">\n\t\t\t\t\t\t\t<p><b>FICHA T\u00c9CNICA<\/b><\/p><p><span style=\"font-weight: 400;\">Ator:<\/span><span style=\"font-weight: 300;\"> Evandro Passos<\/span><\/p><p><span style=\"font-weight: 400;\">M\u00fasico:<\/span><span style=\"font-weight: 300;\">\u00a0 Leo Santos<\/span><\/p><p><span style=\"font-weight: 400;\">Produ\u00e7\u00e3o:<\/span><span style=\"font-weight: 300;\"> Suelen Sampaio<\/span><\/p><p><span style=\"font-weight: 300;\">I<\/span><span style=\"font-weight: 400;\">lumina\u00e7\u00e3o: Ryan Bernardes<\/span> <\/p>\t\t\t\t\t\t<\/div>\n\t\t\t\t<\/div>\n\t\t\t\t\t<\/div>\n\t\t<\/div>\n\t\t\t\t\t\t\t<\/div>\n\t\t<\/section>\n\t\t\t\t<section class=\"elementor-section elementor-inner-section elementor-element elementor-element-20f0fca elementor-section-boxed elementor-section-height-default elementor-section-height-default\" data-id=\"20f0fca\" data-element_type=\"section\">\n\t\t\t\t\t\t<div class=\"elementor-container elementor-column-gap-default\">\n\t\t\t\t\t<div class=\"elementor-column elementor-col-100 elementor-inner-column elementor-element elementor-element-0218b1f\" data-id=\"0218b1f\" data-element_type=\"column\">\n\t\t\t<div class=\"elementor-widget-wrap elementor-element-populated\">\n\t\t\t\t\t\t\t\t<div class=\"elementor-element elementor-element-4717b2c elementor-widget elementor-widget-heading\" data-id=\"4717b2c\" data-element_type=\"widget\" data-widget_type=\"heading.default\">\n\t\t\t\t<div class=\"elementor-widget-container\">\n\t\t\t<h2 class=\"elementor-heading-title elementor-size-default\"><span style=\"font-size:20px; \">12.05 . sexta-feira . 20h\n\n<\/span><br>C\u00cdRCULO ANCESTRAL<\/h2>\t\t<\/div>\n\t\t\t\t<\/div>\n\t\t\t\t<div class=\"elementor-element elementor-element-43a6900 elementor-widget elementor-widget-text-editor\" data-id=\"43a6900\" data-element_type=\"widget\" data-widget_type=\"text-editor.default\">\n\t\t\t\t<div class=\"elementor-widget-container\">\n\t\t\t\t\t\t\t<p><span style=\"font-weight: 300;\">com Circo Ancestral<\/span><\/p><p><span style=\"font-weight: 300;\">CIRCO | 15 min. | LIVRE<\/span><span style=\"font-weight: 300;\"><br \/><\/span> <span style=\"font-weight: 300;\">Espa\u00e7o C\u00eanico Yoshifumi Yagi &#8211; Teatro Raul Bel\u00e9m Machado<\/span><\/p>\t\t\t\t\t\t<\/div>\n\t\t\t\t<\/div>\n\t\t\t\t<div class=\"elementor-element elementor-element-3fa70e7 elementor-widget elementor-widget-text-editor\" data-id=\"3fa70e7\" data-element_type=\"widget\" data-widget_type=\"text-editor.default\">\n\t\t\t\t<div class=\"elementor-widget-container\">\n\t\t\t\t\t\t\t<p><span style=\"font-weight: 300;\">Provocar o olhar sobre o fazer do circo e a sua pluralidade de movimenta\u00e7\u00f5es. O c\u00edrculo que reconecta as viv\u00eancias.<\/span><\/p><p><i><span style=\"font-weight: 300;\">C\u00edrculo Ancestral <\/span><\/i><span style=\"font-weight: 300;\">\u00e9 uma apresenta\u00e7\u00e3o composta por elementos das linguagens circenses e c\u00eanicas que dialogam com capoeira e musicalidade\u00a0 percussiva.<\/span><\/p><p><span style=\"font-weight: 300;\">A constru\u00e7\u00e3o se deu em coletivo, com a presen\u00e7a da corporeidade de cada indiv\u00edduo que carrega e presta rever\u00eancia \u00e0 sua ancestralidade. Em cena, o trio busca construir outro olhar sobre o fazer do circo fora da lona e de outros meios que comp\u00f5em essa corporalidade enquanto artistas descentralizados, compartilhando saberes de matriz africana.<\/span><\/p>\t\t\t\t\t\t<\/div>\n\t\t\t\t<\/div>\n\t\t\t\t<div class=\"elementor-element elementor-element-87df03f elementor-widget elementor-widget-text-editor\" data-id=\"87df03f\" data-element_type=\"widget\" data-widget_type=\"text-editor.default\">\n\t\t\t\t<div class=\"elementor-widget-container\">\n\t\t\t\t\t\t\t<p><b>FICHA T\u00c9CNICA<\/b><\/p><p><span style=\"font-weight: 400;\">Dire\u00e7\u00e3o:<\/span><span style=\"font-weight: 300;\"> Carolina Fernandes<\/span><\/p><p><span style=\"font-weight: 400;\">Duo Acrob\u00e1tico:<\/span><span style=\"font-weight: 300;\"> Carolina Fernandes e Cristian Silvestre<\/span><\/p><p><span style=\"font-weight: 400;\">Percuss\u00e3o: <\/span><span style=\"font-weight: 300;\">Geraldo Santos, Carolina Fernandes e Cristian Silvestre<\/span><\/p>\t\t\t\t\t\t<\/div>\n\t\t\t\t<\/div>\n\t\t\t\t\t<\/div>\n\t\t<\/div>\n\t\t\t\t\t\t\t<\/div>\n\t\t<\/section>\n\t\t\t\t<section class=\"elementor-section elementor-inner-section elementor-element elementor-element-ceb9686 elementor-section-boxed elementor-section-height-default elementor-section-height-default\" data-id=\"ceb9686\" data-element_type=\"section\">\n\t\t\t\t\t\t<div class=\"elementor-container elementor-column-gap-default\">\n\t\t\t\t\t<div class=\"elementor-column elementor-col-100 elementor-inner-column elementor-element elementor-element-5ea98fd\" data-id=\"5ea98fd\" data-element_type=\"column\">\n\t\t\t<div class=\"elementor-widget-wrap elementor-element-populated\">\n\t\t\t\t\t\t\t\t<div class=\"elementor-element elementor-element-406bdda elementor-widget elementor-widget-heading\" data-id=\"406bdda\" data-element_type=\"widget\" data-widget_type=\"heading.default\">\n\t\t\t\t<div class=\"elementor-widget-container\">\n\t\t\t<h2 class=\"elementor-heading-title elementor-size-default\"><span style=\"font-size:20px; \">13.05 . s\u00e1bado . 20h\n\n<\/span><br>ABRE CAMINHO<\/h2>\t\t<\/div>\n\t\t\t\t<\/div>\n\t\t\t\t<div class=\"elementor-element elementor-element-d027339 elementor-widget elementor-widget-text-editor\" data-id=\"d027339\" data-element_type=\"widget\" data-widget_type=\"text-editor.default\">\n\t\t\t\t<div class=\"elementor-widget-container\">\n\t\t\t\t\t\t\t<p><span style=\"font-weight: 300;\">com Grupo Identidade<\/span><\/p><p><span style=\"font-weight: 300;\">DAN\u00c7A | 50 min. | LIVRE<\/span><span style=\"font-weight: 300;\"><br \/><\/span> <span style=\"font-weight: 300;\">Espa\u00e7o C\u00eanico Yoshifumi Yagi &#8211; Teatro Raul Bel\u00e9m Machado<\/span><\/p>\t\t\t\t\t\t<\/div>\n\t\t\t\t<\/div>\n\t\t\t\t<div class=\"elementor-element elementor-element-1f7fd71 elementor-widget elementor-widget-text-editor\" data-id=\"1f7fd71\" data-element_type=\"widget\" data-widget_type=\"text-editor.default\">\n\t\t\t\t<div class=\"elementor-widget-container\">\n\t\t\t\t\t\t\t<p><span style=\"font-weight: 300;\">O grito das pessoas subalternizadas, catequizadas, colonizadas, escravizadas, invisibilizadas, violentadas, hiper exploradas.&nbsp;<\/span><\/p>\n<p><\/p>\n<p><span style=\"font-weight: 300;\">A partir de uma pesquisa sobre o genoc\u00eddio da popula\u00e7\u00e3o negra e perif\u00e9rica do Brasil, <\/span><i><span style=\"font-weight: 300;\">Abre Caminho<\/span><\/i><span style=\"font-weight: 300;\"> convida a vivenciar a realidade da cultura de Favela e as viol\u00eancias sofridas por jovens de Periferia. Atrav\u00e9s da po\u00e9tica, mostra as dores e os amores de uma realidade pr\u00f3xima de muitos e dita por t\u00e3o poucos. O espet\u00e1culo busca ainda dar visibilidade ao trabalho cultural desenvolvido nas Favelas, promovendo as Periferias como espa\u00e7o de questionamento das estruturas sociais vigentes e afirma\u00e7\u00e3o \u00e9tnica-racial.<\/span><\/p>\t\t\t\t\t\t<\/div>\n\t\t\t\t<\/div>\n\t\t\t\t<div class=\"elementor-element elementor-element-ff1fec6 elementor-widget elementor-widget-text-editor\" data-id=\"ff1fec6\" data-element_type=\"widget\" data-widget_type=\"text-editor.default\">\n\t\t\t\t<div class=\"elementor-widget-container\">\n\t\t\t\t\t\t\t<p><b>FICHA T\u00c9CNICA<\/b><\/p><p><span style=\"font-weight: 400;\">Dan\u00e7arinas \/ Dan\u00e7arinos:<\/span><span style=\"font-weight: 300;\"> Let\u00edcia Maria da Silva Lima,\u00a0 Johny Robert Antunes Guilherme, Rafael Rosa da Silva, Rian Filipe Braz Silva, Breno Wiliam Paiva, Stephany Pinheiro da Silva, Jo\u00e3o victor Gon\u00e7alves Dias, Tiphany Gomes Rodrigues<\/span><\/p><p><span style=\"font-weight: 400;\">Iluminadora: <\/span><span style=\"font-weight: 300;\">D\u00fd\u00e3n\u00e0 Alves de Souza<\/span><\/p><p><span style=\"font-weight: 400;\">Assistente:<\/span><span style=\"font-weight: 300;\"> Veec Santos<\/span><\/p><p><span style=\"font-weight: 400;\">DJ: <\/span><span style=\"font-weight: 300;\">Gabriel Christian Soares (GRABS)<\/span><\/p><p><span style=\"font-weight: 400;\">Diretor: <\/span><span style=\"font-weight: 300;\">Welleton Carlos Beato Andr\u00e9 (NEGONA DANCE)<\/span><\/p><p><span style=\"font-weight: 400;\">Diretor Art\u00edstico:<\/span><span style=\"font-weight: 300;\"> Leo Garcia<\/span><\/p><p><span style=\"font-weight: 400;\">Gestor:<\/span><span style=\"font-weight: 300;\"> Pablo Xavier Rocha<\/span><\/p>\t\t\t\t\t\t<\/div>\n\t\t\t\t<\/div>\n\t\t\t\t\t<\/div>\n\t\t<\/div>\n\t\t\t\t\t\t\t<\/div>\n\t\t<\/section>\n\t\t\t\t<section class=\"elementor-section elementor-inner-section elementor-element elementor-element-6c56fa2 elementor-section-boxed elementor-section-height-default elementor-section-height-default\" data-id=\"6c56fa2\" data-element_type=\"section\">\n\t\t\t\t\t\t<div class=\"elementor-container elementor-column-gap-default\">\n\t\t\t\t\t<div class=\"elementor-column elementor-col-100 elementor-inner-column elementor-element elementor-element-fbd69fb\" data-id=\"fbd69fb\" data-element_type=\"column\">\n\t\t\t<div class=\"elementor-widget-wrap elementor-element-populated\">\n\t\t\t\t\t\t\t\t<div class=\"elementor-element elementor-element-fe2352d elementor-widget elementor-widget-heading\" data-id=\"fe2352d\" data-element_type=\"widget\" data-widget_type=\"heading.default\">\n\t\t\t\t<div class=\"elementor-widget-container\">\n\t\t\t<h2 class=\"elementor-heading-title elementor-size-default\"><span style=\"font-size:20px; \">20.05 . s\u00e1bado . 10 \u00e0s 13h\n\n<\/span><br>PO\u00c9TICAS DO TROPE\u00c7O: DRAMATURGIAS E NEGRITUDES<\/h2>\t\t<\/div>\n\t\t\t\t<\/div>\n\t\t\t\t<div class=\"elementor-element elementor-element-a5fed54 elementor-widget elementor-widget-text-editor\" data-id=\"a5fed54\" data-element_type=\"widget\" data-widget_type=\"text-editor.default\">\n\t\t\t\t<div class=\"elementor-widget-container\">\n\t\t\t\t\t\t\t<p><span style=\"font-weight: 300;\">com Anderson Feliciano<\/span><\/p><p><span style=\"font-weight: 300;\">OFICINA | 3 horas | LIVRE<\/span><span style=\"font-weight: 300;\"><br \/><\/span> <span style=\"font-weight: 300;\">ZAP 18<\/span><\/p>\t\t\t\t\t\t<\/div>\n\t\t\t\t<\/div>\n\t\t\t\t<div class=\"elementor-element elementor-element-90c5c39 elementor-widget elementor-widget-text-editor\" data-id=\"90c5c39\" data-element_type=\"widget\" data-widget_type=\"text-editor.default\">\n\t\t\t\t<div class=\"elementor-widget-container\">\n\t\t\t\t\t\t\t<p><span style=\"font-weight: 300;\">A a\u00e7\u00e3o formativa tem como um de seus pilares o compartilhamento de apontamentos e reflex\u00f5es sobre as Po\u00e9ticas do Trope\u00e7o, pesquisa de mestrado que Anderson Feliciano desenvolve em Dramaturgia com foco nos Estudos Decoloniais.&nbsp;<\/span><\/p>\n<p><\/p>\n<p><span style=\"font-weight: 300;\">Articulando pensamentos decoloniais do campo da dramaturgia com o das artes visuais, das negritudes, dos g\u00eaneros e suas andan\u00e7as, ser\u00e3o analisadas produ\u00e7\u00f5es contempor\u00e2neas de artistas pretos.&nbsp;<\/span><\/p>\n<p><\/p>\n<p><span style=\"font-weight: 300;\">As an\u00e1lises ser\u00e3o guiadas pelas no\u00e7\u00f5es de <\/span><i><span style=\"font-weight: 300;\">Fabula\u00e7\u00e3o Cr\u00edtica,<\/span><\/i><span style=\"font-weight: 300;\"> de Saidiya Hartman, e <\/span><i><span style=\"font-weight: 300;\">Comunidades Imaginadas Provis\u00f3rias, <\/span><\/i><span style=\"font-weight: 300;\">de Jos\u00e9 Fernando Peixoto, al\u00e9m de exerc\u00edcios pr\u00e1ticos.<\/span><\/p>\t\t\t\t\t\t<\/div>\n\t\t\t\t<\/div>\n\t\t\t\t<div class=\"elementor-element elementor-element-59681cd elementor-widget elementor-widget-text-editor\" data-id=\"59681cd\" data-element_type=\"widget\" data-widget_type=\"text-editor.default\">\n\t\t\t\t<div class=\"elementor-widget-container\">\n\t\t\t\t\t\t\t<p><b>ANDERSON FELICIANO<\/b><\/p><p><span style=\"font-weight: 300;\">Mestrando em Dramaturgia (UNA &#8211; Buenos Aires), Anderson Feliciano dedica-se \u00e0 escrita, \u00e0 performance e \u00e0 curadoria. Atualmente coordena o N\u00facleo de Pesquisa em Performatividades Negras do Galp\u00e3o Cine Horto. Participou do Festival de Arte Negra Kurice (Temuco \/ 2021) e Festival Internacional de Artes C\u00eanicas da Bahia (2021), e da resid\u00eancia art\u00edstica Terrestre (fevereiro\/2019), na Universidade de Princeton, em New Jersey. Como performer participou de festivais nos EUA e v\u00e1rios pa\u00edses da Am\u00e9rica Latina e Europa. A partir de sua pesquisa sobre as Po\u00e9ticas do Trope\u00e7o, desenvolveu projetos de curadoria para a Mostra Polif\u00f4nica Negra, o Festival PERPENDICULAR (2021) e a s\u00e9rie Study Sessions: Field Stories (2019). Em 2020, <\/span><i><span style=\"font-weight: 300;\">Ensaio sobre Fragilidades<\/span><\/i><span style=\"font-weight: 300;\"> recebeu o Pr\u00eamio Leda Maria Martins de melhor performance. \u00c9 autor de Trope\u00e7o (editora Javali \/ 2020), <\/span><i><span style=\"font-weight: 300;\">O in\u00edciO<\/span><\/i><span style=\"font-weight: 300;\">, com M\u00e1rio Rosa (editora Caos &amp; letras \/ 2022)<\/span><\/p>\t\t\t\t\t\t<\/div>\n\t\t\t\t<\/div>\n\t\t\t\t\t<\/div>\n\t\t<\/div>\n\t\t\t\t\t\t\t<\/div>\n\t\t<\/section>\n\t\t\t\t<section class=\"elementor-section elementor-inner-section elementor-element elementor-element-80d214b elementor-section-boxed elementor-section-height-default elementor-section-height-default\" data-id=\"80d214b\" data-element_type=\"section\">\n\t\t\t\t\t\t<div class=\"elementor-container elementor-column-gap-default\">\n\t\t\t\t\t<div class=\"elementor-column elementor-col-100 elementor-inner-column elementor-element elementor-element-c30e7e6\" data-id=\"c30e7e6\" data-element_type=\"column\">\n\t\t\t<div class=\"elementor-widget-wrap elementor-element-populated\">\n\t\t\t\t\t\t\t\t<div class=\"elementor-element elementor-element-684dbc5 elementor-widget elementor-widget-heading\" data-id=\"684dbc5\" data-element_type=\"widget\" data-widget_type=\"heading.default\">\n\t\t\t\t<div class=\"elementor-widget-container\">\n\t\t\t<h2 class=\"elementor-heading-title elementor-size-default\"><span style=\"font-size:20px; \">20.05 . s\u00e1bado . 20h\n\n<\/span><br>CAMPO MINADO<\/h2>\t\t<\/div>\n\t\t\t\t<\/div>\n\t\t\t\t<div class=\"elementor-element elementor-element-f4fef2b elementor-widget elementor-widget-text-editor\" data-id=\"f4fef2b\" data-element_type=\"widget\" data-widget_type=\"text-editor.default\">\n\t\t\t\t<div class=\"elementor-widget-container\">\n\t\t\t\t\t\t\t<p><span style=\"font-weight: 300;\">com Lucas Gon\u00e7alves<\/span><\/p><p><span style=\"font-weight: 300;\">TEATRO | 60min. | LIVRE<\/span><span style=\"font-weight: 300;\"><br \/><\/span> <span style=\"font-weight: 300;\">ZAP 18<\/span><\/p>\t\t\t\t\t\t<\/div>\n\t\t\t\t<\/div>\n\t\t\t\t<div class=\"elementor-element elementor-element-59c82f8 elementor-widget elementor-widget-text-editor\" data-id=\"59c82f8\" data-element_type=\"widget\" data-widget_type=\"text-editor.default\">\n\t\t\t\t<div class=\"elementor-widget-container\">\n\t\t\t\t\t\t\t<p><span style=\"font-weight: 300;\">\u201cQuem sou eu?\u201d. Na tentativa de responder a essa pergunta, um jovem \u00e9 atormentado por mem\u00f3rias que o instigam a uma poss\u00edvel resposta. Ele: neto de Geralda, ex-Rainha da Guarda de Marujo S\u00e3o Cosme e S\u00e3o Dami\u00e3o, e d\u00e9cimo filho da Maria, encontra suas ra\u00edzes alicer\u00e7adas no terreiro de sua antiga casa, o mesmo local onde ele come\u00e7ou a entender que vivia &#8211; e ainda vive &#8211; em um Campo Minado.<\/span><\/p>\t\t\t\t\t\t<\/div>\n\t\t\t\t<\/div>\n\t\t\t\t<div class=\"elementor-element elementor-element-863d2a5 elementor-widget elementor-widget-text-editor\" data-id=\"863d2a5\" data-element_type=\"widget\" data-widget_type=\"text-editor.default\">\n\t\t\t\t<div class=\"elementor-widget-container\">\n\t\t\t\t\t\t\t<p><b>FICHA T\u00c9CNICA<\/b><\/p><p><span style=\"font-weight: 400;\">Atua\u00e7\u00e3o e dramaturgia: <\/span><span style=\"font-weight: 300;\">Lucas Gon\u00e7alves<\/span><\/p><p><span style=\"font-weight: 400;\">Dire\u00e7\u00e3o c\u00eanica:<\/span><span style=\"font-weight: 300;\"> Michelle S\u00e1<\/span><\/p><p><span style=\"font-weight: 400;\">Colabora\u00e7\u00e3o c\u00eanico-textual:<\/span><span style=\"font-weight: 300;\"> Soraya Martins<\/span><\/p><p><span style=\"font-weight: 400;\">Dire\u00e7\u00e3o musical: <\/span><span style=\"font-weight: 300;\">Luciano Mendes de Jesus<\/span><\/p><p><span style=\"font-weight: 400;\">Figurino\/adere\u00e7o e costura:<\/span><span style=\"font-weight: 300;\"> Luiz Dias<\/span><\/p>\t\t\t\t\t\t<\/div>\n\t\t\t\t<\/div>\n\t\t\t\t\t<\/div>\n\t\t<\/div>\n\t\t\t\t\t\t\t<\/div>\n\t\t<\/section>\n\t\t\t\t<section class=\"elementor-section elementor-inner-section elementor-element elementor-element-2d93659 elementor-section-boxed elementor-section-height-default elementor-section-height-default\" data-id=\"2d93659\" data-element_type=\"section\">\n\t\t\t\t\t\t<div class=\"elementor-container elementor-column-gap-default\">\n\t\t\t\t\t<div class=\"elementor-column elementor-col-100 elementor-inner-column elementor-element elementor-element-4b6b03b\" data-id=\"4b6b03b\" data-element_type=\"column\">\n\t\t\t<div class=\"elementor-widget-wrap elementor-element-populated\">\n\t\t\t\t\t\t\t\t<div class=\"elementor-element elementor-element-3ba782b elementor-widget elementor-widget-heading\" data-id=\"3ba782b\" data-element_type=\"widget\" data-widget_type=\"heading.default\">\n\t\t\t\t<div class=\"elementor-widget-container\">\n\t\t\t<h2 class=\"elementor-heading-title elementor-size-default\"><span style=\"font-size:20px; \">21.05 . domingo . 10 \u00e0s 13h\n\n<\/span><br>INTRODU\u00c7\u00c3O \u00c0 CR\u00cdTICA TEATRAL<\/h2>\t\t<\/div>\n\t\t\t\t<\/div>\n\t\t\t\t<div class=\"elementor-element elementor-element-e93d8b3 elementor-widget elementor-widget-text-editor\" data-id=\"e93d8b3\" data-element_type=\"widget\" data-widget_type=\"text-editor.default\">\n\t\t\t\t<div class=\"elementor-widget-container\">\n\t\t\t\t\t\t\t<p><span style=\"font-weight: 300;\">com Guilherme Diniz<\/span><\/p><p><span style=\"font-weight: 300;\">OFICINA | 3 horas | LIVRE<\/span><span style=\"font-weight: 300;\"><br \/><\/span> <span style=\"font-weight: 300;\">ZAP 18<\/span><\/p>\t\t\t\t\t\t<\/div>\n\t\t\t\t<\/div>\n\t\t\t\t<div class=\"elementor-element elementor-element-0f30cbb elementor-widget elementor-widget-text-editor\" data-id=\"0f30cbb\" data-element_type=\"widget\" data-widget_type=\"text-editor.default\">\n\t\t\t\t<div class=\"elementor-widget-container\">\n\t\t\t\t\t\t\t<p><span style=\"font-weight: 300;\">Oficina te\u00f3rico-pr\u00e1tica que busca exercitar a cr\u00edtica teatral como um ato pol\u00edtico, reflexivo e po\u00e9tico disposto a confrontar olhares euroc\u00eantricos e coloniais presentes no campo cultural.&nbsp;<\/span><\/p>\n<p><\/p>\n<p><span style=\"font-weight: 300;\">A oficina estimula indaga\u00e7\u00f5es sobre como o texto reflexivo pode tecer narrativas, mem\u00f3rias e perspectivas que questionem o mundo, a cena e suas rela\u00e7\u00f5es a partir de saberes, referenciais e cria\u00e7\u00f5es c\u00eanicas negras.<\/span><\/p>\t\t\t\t\t\t<\/div>\n\t\t\t\t<\/div>\n\t\t\t\t<div class=\"elementor-element elementor-element-a851d09 elementor-widget elementor-widget-text-editor\" data-id=\"a851d09\" data-element_type=\"widget\" data-widget_type=\"text-editor.default\">\n\t\t\t\t<div class=\"elementor-widget-container\">\n\t\t\t\t\t\t\t<p><b>GUILHERME DINIZ<\/b><\/p><p><span style=\"font-weight: 300;\">Guilherme Diniz \u00e9 pesquisador, curador e cr\u00edtico teatral, graduado em Teatro e mestre em Estudos Liter\u00e1rios pela UFMG, tendo analisado a fortuna cr\u00edtica do Teatro Experimental do Negro, no \u00e2mbito do teatro brasileiro moderno. Atualmente \u00e9 editor do &#8220;Horizonte da Cena&#8221;, um dos mais significativos sites de cr\u00edtica teatral de MG. Atuou como cr\u00edtico em importantes festivais de teatro do pa\u00eds. Foi pesquisador no CPMT \u2013 Centro de Pesquisa e Mem\u00f3ria do Teatro \u2013 no Galp\u00e3o Cine Horto. \u00c9 cofundador da Cia. Espa\u00e7o Preto, investigando o Teatro Negro e as culturas afro-brasileiras. No exterior, estudou Literaturas e Dramaturgias Africanas de L\u00edngua Portuguesa, bem como An\u00e1lise e Cr\u00edtica do Espet\u00e1culo. Desde 2017 \u00e9 um dos consultores do Pr\u00eamio Leda Maria Martins de Artes C\u00eanicas Negras (BH). \u00c9 membro, desde 2020, da Associa\u00e7\u00e3o Internacional de Cr\u00edticos Teatrais (IACT\/AICT), iniciativa ligada \u00e0 UNESCO.<\/span><\/p>\t\t\t\t\t\t<\/div>\n\t\t\t\t<\/div>\n\t\t\t\t\t<\/div>\n\t\t<\/div>\n\t\t\t\t\t\t\t<\/div>\n\t\t<\/section>\n\t\t\t\t<section class=\"elementor-section elementor-inner-section elementor-element elementor-element-e617569 elementor-section-boxed elementor-section-height-default elementor-section-height-default\" data-id=\"e617569\" data-element_type=\"section\">\n\t\t\t\t\t\t<div class=\"elementor-container elementor-column-gap-default\">\n\t\t\t\t\t<div class=\"elementor-column elementor-col-100 elementor-inner-column elementor-element elementor-element-6e3facf\" data-id=\"6e3facf\" data-element_type=\"column\">\n\t\t\t<div class=\"elementor-widget-wrap elementor-element-populated\">\n\t\t\t\t\t\t\t\t<div class=\"elementor-element elementor-element-decc02a elementor-widget elementor-widget-heading\" data-id=\"decc02a\" data-element_type=\"widget\" data-widget_type=\"heading.default\">\n\t\t\t\t<div class=\"elementor-widget-container\">\n\t\t\t<h2 class=\"elementor-heading-title elementor-size-default\"><span style=\"font-size:20px; \">21.05 . domingo . 20h\n\n<\/span><br>RAINHAS<\/h2>\t\t<\/div>\n\t\t\t\t<\/div>\n\t\t\t\t<div class=\"elementor-element elementor-element-43cf55e elementor-widget elementor-widget-text-editor\" data-id=\"43cf55e\" data-element_type=\"widget\" data-widget_type=\"text-editor.default\">\n\t\t\t\t<div class=\"elementor-widget-container\">\n\t\t\t\t\t\t\t<p><span style=\"font-weight: 300;\">com Coletiva Preta de Teatro<\/span><\/p><p><span style=\"font-weight: 300;\">TEATRO | 40 min. | LIVRE<\/span><span style=\"font-weight: 300;\"><br \/><\/span> <span style=\"font-weight: 300;\">ZAP 18<\/span><\/p>\t\t\t\t\t\t<\/div>\n\t\t\t\t<\/div>\n\t\t\t\t<div class=\"elementor-element elementor-element-e97c1ae elementor-widget elementor-widget-text-editor\" data-id=\"e97c1ae\" data-element_type=\"widget\" data-widget_type=\"text-editor.default\">\n\t\t\t\t<div class=\"elementor-widget-container\">\n\t\t\t\t\t\t\t<p><i><span style=\"font-weight: 300;\">\u201cN\u00f3s, mulheres negras, compreendemos a urg\u00eancia em falar de cura, da pot\u00eancia do matriarcado na forma\u00e7\u00e3o de nossos saberes e conhecimentos, passados de gera\u00e7\u00e3o em gera\u00e7\u00e3o, da bisa \u00e0 av\u00f3, da av\u00f3 \u00e0 m\u00e3e, da m\u00e3e \u00e0 filha, e assim em diante. Enxergamos a import\u00e2ncia de criar espa\u00e7os para falar dos saberes orais, das propriedades das ervas e plantas, das benze\u00e7\u00f5es que aprendemos com nossas mais velhas, dos processos de cura compartilhados em comunidade, dentre outros saberes resguardados por nossos corpos.\u201d&nbsp;<\/span><\/i><\/p>\n<p><\/p>\n<p><span style=\"font-weight: 300;\">O espet\u00e1culo de conta\u00e7\u00e3o de hist\u00f3rias negras tem como foco a propaga\u00e7\u00e3o das hist\u00f3rias e contos das Yab\u00e1s, cujo significado \u00e9 &#8220;M\u00e3e Rainha&#8221;, seguindo o pulsar da ancestralidade afro-brasileira por meio das \u201cEscreviv\u00eancias\u201d, conceito criado por Concei\u00e7\u00e3o Evaristo.&nbsp;<\/span><\/p>\t\t\t\t\t\t<\/div>\n\t\t\t\t<\/div>\n\t\t\t\t<div class=\"elementor-element elementor-element-faaf22a elementor-widget elementor-widget-text-editor\" data-id=\"faaf22a\" data-element_type=\"widget\" data-widget_type=\"text-editor.default\">\n\t\t\t\t<div class=\"elementor-widget-container\">\n\t\t\t\t\t\t\t<p><b>FICHA T\u00c9CNICA<\/b><\/p><p><span style=\"font-weight: 400;\">Atua\u00e7\u00e3o:<\/span><span style=\"font-weight: 300;\"> Elaisa de Souza.\u00a0<\/span><\/p><p><span style=\"font-weight: 400;\">Produ\u00e7\u00e3o:<\/span><span style=\"font-weight: 300;\"> Coletiva Preta de Teatro<\/span><\/p><p><span style=\"font-weight: 400;\">Dramaturgia:<\/span><span style=\"font-weight: 300;\"> Coletiva Preta de Teatro<\/span><\/p><p><span style=\"font-weight: 400;\">T\u00e9cnica de ilumina\u00e7\u00e3o:<\/span><span style=\"font-weight: 300;\"> Tain\u00e1 Rosa<\/span><\/p><p><span style=\"font-weight: 400;\">Percuss\u00e3o:<\/span><span style=\"font-weight: 300;\"> Jocasta Rock<\/span><\/p><p><span style=\"font-weight: 400;\">Dire\u00e7\u00e3o<\/span><span style=\"font-weight: 300;\">: Sarah V\u00e1 Moreira<\/span><\/p><p><span style=\"font-weight: 400;\">Figurino<\/span><span style=\"font-weight: 300;\">: Sarah V\u00e1 Moreira<\/span><\/p>\t\t\t\t\t\t<\/div>\n\t\t\t\t<\/div>\n\t\t\t\t\t<\/div>\n\t\t<\/div>\n\t\t\t\t\t\t\t<\/div>\n\t\t<\/section>\n\t\t\t\t<section class=\"elementor-section elementor-inner-section elementor-element elementor-element-c52d099 elementor-section-boxed elementor-section-height-default elementor-section-height-default\" data-id=\"c52d099\" data-element_type=\"section\">\n\t\t\t\t\t\t<div class=\"elementor-container elementor-column-gap-default\">\n\t\t\t\t\t<div class=\"elementor-column elementor-col-100 elementor-inner-column elementor-element elementor-element-7a79be9\" data-id=\"7a79be9\" data-element_type=\"column\">\n\t\t\t<div class=\"elementor-widget-wrap elementor-element-populated\">\n\t\t\t\t\t\t\t\t<div class=\"elementor-element elementor-element-5ab1b1c elementor-widget elementor-widget-heading\" data-id=\"5ab1b1c\" data-element_type=\"widget\" data-widget_type=\"heading.default\">\n\t\t\t\t<div class=\"elementor-widget-container\">\n\t\t\t<h2 class=\"elementor-heading-title elementor-size-default\"><span style=\"font-size:20px; \">27.05 . s\u00e1bado . 14h \u00e0s 17h\n\n<\/span><br>INT\u00c9RPRETE URBANO CRIADOR<\/h2>\t\t<\/div>\n\t\t\t\t<\/div>\n\t\t\t\t<div class=\"elementor-element elementor-element-d8349df elementor-widget elementor-widget-text-editor\" data-id=\"d8349df\" data-element_type=\"widget\" data-widget_type=\"text-editor.default\">\n\t\t\t\t<div class=\"elementor-widget-container\">\n\t\t\t\t\t\t\t<p><span style=\"font-weight: 300;\">com Vic Alves<\/span><\/p><p><span style=\"font-weight: 300;\">OFICINA | 3 horas | LIVRE<\/span><span style=\"font-weight: 300;\"><br \/><\/span><span style=\"font-weight: 300;\">Centro Cultural Vila Santa Rita<\/span><\/p>\t\t\t\t\t\t<\/div>\n\t\t\t\t<\/div>\n\t\t\t\t<div class=\"elementor-element elementor-element-f8a876f elementor-widget elementor-widget-text-editor\" data-id=\"f8a876f\" data-element_type=\"widget\" data-widget_type=\"text-editor.default\">\n\t\t\t\t<div class=\"elementor-widget-container\">\n\t\t\t\t\t\t\t<p><span style=\"font-weight: 300;\">Tendo como ferramenta um estudo corporal que pretende incorporar as variadas t\u00e9cnicas corporais de estilos das dan\u00e7as da Cultura Hip Hop, a oficina tem o objetivo de levar \u00e0s pessoas participantes elementos para desenvolverem sua express\u00e3o e consci\u00eancia corporal e a dramaturgia do movimento com foco para a cena.<\/span><\/p>\n<p><\/p>\n<p><span style=\"font-weight: 300;\">Ser\u00e3o abordados pilares b\u00e1sicos das dan\u00e7as urbanas, como o balan\u00e7o do corpo em conson\u00e2ncia com ritmos musicais variados, musicalidade, passos b\u00e1sicos, desenvolvimento de micro c\u00e9lulas coreogr\u00e1ficas, improvisa\u00e7\u00e3o, expans\u00e3o e interpreta\u00e7\u00e3o de temas atrav\u00e9s do corpo em movimento.&nbsp;<\/span><\/p>\t\t\t\t\t\t<\/div>\n\t\t\t\t<\/div>\n\t\t\t\t<div class=\"elementor-element elementor-element-faee31b elementor-widget elementor-widget-text-editor\" data-id=\"faee31b\" data-element_type=\"widget\" data-widget_type=\"text-editor.default\">\n\t\t\t\t<div class=\"elementor-widget-container\">\n\t\t\t\t\t\t\t<p><b>VIC ALVES<\/b><\/p><p><span style=\"font-weight: 300;\">Vic Alves herdou a dan\u00e7a de fam\u00edlia e, por isso, sempre dan\u00e7ou. Desde 2003, pesquisa Dan\u00e7as Urbanas (Locking, Popping, Breaking, Waacking, Vogue) e os estilos House Dance e Hip Hop Dance, essas \u00faltimas predominantes em sua atua\u00e7\u00e3o como int\u00e9rprete dan\u00e7arino, criador, professor e core\u00f3grafo. Participou de diversos festivais competitivos e batalhas, al\u00e9m de ser int\u00e9rprete dan\u00e7arino, criador e diretor de espet\u00e1culos c\u00eanicos, experi\u00eancias formativas e atuar como jurado t\u00e9cnico.<\/span><\/p>\t\t\t\t\t\t<\/div>\n\t\t\t\t<\/div>\n\t\t\t\t\t<\/div>\n\t\t<\/div>\n\t\t\t\t\t\t\t<\/div>\n\t\t<\/section>\n\t\t\t\t<section class=\"elementor-section elementor-inner-section elementor-element elementor-element-b60da90 elementor-section-boxed elementor-section-height-default elementor-section-height-default\" data-id=\"b60da90\" data-element_type=\"section\">\n\t\t\t\t\t\t<div class=\"elementor-container elementor-column-gap-default\">\n\t\t\t\t\t<div class=\"elementor-column elementor-col-100 elementor-inner-column elementor-element elementor-element-13f85a6\" data-id=\"13f85a6\" data-element_type=\"column\">\n\t\t\t<div class=\"elementor-widget-wrap elementor-element-populated\">\n\t\t\t\t\t\t\t\t<div class=\"elementor-element elementor-element-309dfd2 elementor-widget elementor-widget-heading\" data-id=\"309dfd2\" data-element_type=\"widget\" data-widget_type=\"heading.default\">\n\t\t\t\t<div class=\"elementor-widget-container\">\n\t\t\t<h2 class=\"elementor-heading-title elementor-size-default\"><span style=\"font-size:20px; \">27.05 . s\u00e1bado . 20h\n\n<\/span><br>BENZIMENTO<\/h2>\t\t<\/div>\n\t\t\t\t<\/div>\n\t\t\t\t<div class=\"elementor-element elementor-element-1063726 elementor-widget elementor-widget-text-editor\" data-id=\"1063726\" data-element_type=\"widget\" data-widget_type=\"text-editor.default\">\n\t\t\t\t<div class=\"elementor-widget-container\">\n\t\t\t\t\t\t\t<p><span style=\"font-weight: 300;\">com Meibe Rodrigues<\/span><\/p><p><span style=\"font-weight: 300;\">PERFORMANCE | 60 min. | LIVRE<\/span><span style=\"font-weight: 300;\"><br \/><\/span><span style=\"font-weight: 300;\">Centro Cultural Vila Santa Rita<\/span><\/p>\t\t\t\t\t\t<\/div>\n\t\t\t\t<\/div>\n\t\t\t\t<div class=\"elementor-element elementor-element-7c4464b elementor-widget elementor-widget-text-editor\" data-id=\"7c4464b\" data-element_type=\"widget\" data-widget_type=\"text-editor.default\">\n\t\t\t\t<div class=\"elementor-widget-container\">\n\t\t\t\t\t\t\t<p><span style=\"font-weight: 300;\">A atriz \/ performer Meibe Rodrigues recebe as pessoas individualmente para um breve aconselhamento. Trechos dos textos de Concei\u00e7\u00e3o Evaristo ser\u00e3o lidos para esta pessoa como se fosse uma reza de benzimento. Sentada numa mesa com cadeira ou banquinho, a performer recebe a pessoa j\u00e1 no ato de benzimento, passando pelo corpo do participante galhos de manjeric\u00e3o, \u00fanica erva que ir\u00e1 compor o espa\u00e7o. Em seguida a pessoa escolhe um texto (todos de Concei\u00e7\u00e3o Evaristo) que ser\u00e1 lido pela atriz \/ performer. Finalizando, a pessoa pode se retirar do espa\u00e7o, levando o texto .<\/span><\/p>\t\t\t\t\t\t<\/div>\n\t\t\t\t<\/div>\n\t\t\t\t<div class=\"elementor-element elementor-element-b82927a elementor-widget elementor-widget-text-editor\" data-id=\"b82927a\" data-element_type=\"widget\" data-widget_type=\"text-editor.default\">\n\t\t\t\t<div class=\"elementor-widget-container\">\n\t\t\t\t\t\t\t<p><b>FICHA T\u00c9CNICA<\/b><\/p><p><span style=\"font-weight: 400;\">Concep\u00e7\u00e3o, dire\u00e7\u00e3o, atua\u00e7\u00e3o:<\/span><span style=\"font-weight: 300;\"> MEIBE RODRIGUES<\/span><\/p>\t\t\t\t\t\t<\/div>\n\t\t\t\t<\/div>\n\t\t\t\t\t<\/div>\n\t\t<\/div>\n\t\t\t\t\t\t\t<\/div>\n\t\t<\/section>\n\t\t\t\t<section class=\"elementor-section elementor-inner-section elementor-element elementor-element-09c89f9 elementor-section-boxed elementor-section-height-default elementor-section-height-default\" data-id=\"09c89f9\" data-element_type=\"section\">\n\t\t\t\t\t\t<div class=\"elementor-container elementor-column-gap-default\">\n\t\t\t\t\t<div class=\"elementor-column elementor-col-100 elementor-inner-column elementor-element elementor-element-5ea26a5\" data-id=\"5ea26a5\" data-element_type=\"column\">\n\t\t\t<div class=\"elementor-widget-wrap elementor-element-populated\">\n\t\t\t\t\t\t\t\t<div class=\"elementor-element elementor-element-b484ddc elementor-widget elementor-widget-heading\" data-id=\"b484ddc\" data-element_type=\"widget\" data-widget_type=\"heading.default\">\n\t\t\t\t<div class=\"elementor-widget-container\">\n\t\t\t<h2 class=\"elementor-heading-title elementor-size-default\"><span style=\"font-size:20px; \">28.05 . domingo . 10 \u00e0s 13h\n\n<\/span><br>M\u00daSICA E TECNOLOGIA - INICIA\u00c7\u00c3O \u00c0 PRODU\u00c7\u00c3O MUSICAL PARA TRILHA SONORA DE ESPET\u00c1CULOS<\/h2>\t\t<\/div>\n\t\t\t\t<\/div>\n\t\t\t\t<div class=\"elementor-element elementor-element-7130053 elementor-widget elementor-widget-text-editor\" data-id=\"7130053\" data-element_type=\"widget\" data-widget_type=\"text-editor.default\">\n\t\t\t\t<div class=\"elementor-widget-container\">\n\t\t\t\t\t\t\t<p><span style=\"font-weight: 300;\">com Dj Black Josie<\/span><\/p><p><span style=\"font-weight: 300;\">OFICINA | 3 horas | LIVRE<\/span><span style=\"font-weight: 300;\"><br \/><\/span><span style=\"font-weight: 300;\">Centro Cultural Vila Santa Rita<\/span><\/p>\t\t\t\t\t\t<\/div>\n\t\t\t\t<\/div>\n\t\t\t\t<div class=\"elementor-element elementor-element-6b7e335 elementor-widget elementor-widget-text-editor\" data-id=\"6b7e335\" data-element_type=\"widget\" data-widget_type=\"text-editor.default\">\n\t\t\t\t<div class=\"elementor-widget-container\">\n\t\t\t\t\t\t\t<p><span style=\"font-weight: 300;\">Nesta oficina, pessoas interessadas na cria\u00e7\u00e3o de trilha sonora para filmes, teatro, produ\u00e7\u00e3o musical e cria\u00e7\u00e3o de remixes t\u00eam a oportunidade de iniciar os estudos em m\u00fasica e produ\u00e7\u00e3o musical.<\/span><\/p>\n<p><\/p>\n<p><span style=\"font-weight: 300;\">Ser\u00e3o abordadas ferramentas digitais dispon\u00edveis para produ\u00e7\u00e3o musical (Daws, Plugins de efeitos, Plugins Vst, Midi, \u00e1udio) e explorada uma perspectiva hist\u00f3rica da produ\u00e7\u00e3o musical para maior entendimento do que \u00e9 um home studio.<\/span><\/p>\t\t\t\t\t\t<\/div>\n\t\t\t\t<\/div>\n\t\t\t\t<div class=\"elementor-element elementor-element-308b265 elementor-widget elementor-widget-text-editor\" data-id=\"308b265\" data-element_type=\"widget\" data-widget_type=\"text-editor.default\">\n\t\t\t\t<div class=\"elementor-widget-container\">\n\t\t\t\t\t\t\t<p><b>LUCIANA GOMES<\/b><span style=\"font-weight: 300;\">, DJ BLACK JOSIE<\/span><\/p><p><span style=\"font-weight: 300;\">Musicista e produtora musical, Luciana Gomes dedica-se \u00e0 pesquisa da soul music e sua reverbera\u00e7\u00e3o no Brasil atrav\u00e9s do <\/span><i><span style=\"font-weight: 300;\">Baile Soul da Black Josie<\/span><\/i><span style=\"font-weight: 300;\">. Foi DJ residente no pub de m\u00fasica latina<\/span><i><span style=\"font-weight: 300;\"> Los Mariachis<\/span><\/i><span style=\"font-weight: 300;\">, onde apresentava sets de salsa, cumbia, merengue e outros ritmos latinos. Fez parte da equipe de curadoria do Festival de Arte Negra, edi\u00e7\u00e3o 2017. \u00c9 integrante do corpo docente da Arena da Cultura \/ Escola Livre de Artes \/ \u00c1rea de Bastidores das Artes \/ Trilha Sonora \/ Produ\u00e7\u00e3o Musical.<\/span><\/p>\t\t\t\t\t\t<\/div>\n\t\t\t\t<\/div>\n\t\t\t\t\t<\/div>\n\t\t<\/div>\n\t\t\t\t\t\t\t<\/div>\n\t\t<\/section>\n\t\t\t\t<section class=\"elementor-section elementor-inner-section elementor-element elementor-element-b18164f elementor-section-boxed elementor-section-height-default elementor-section-height-default\" data-id=\"b18164f\" data-element_type=\"section\">\n\t\t\t\t\t\t<div class=\"elementor-container elementor-column-gap-default\">\n\t\t\t\t\t<div class=\"elementor-column elementor-col-100 elementor-inner-column elementor-element elementor-element-721c0cb\" data-id=\"721c0cb\" data-element_type=\"column\">\n\t\t\t<div class=\"elementor-widget-wrap elementor-element-populated\">\n\t\t\t\t\t\t\t\t<div class=\"elementor-element elementor-element-c026020 elementor-widget elementor-widget-heading\" data-id=\"c026020\" data-element_type=\"widget\" data-widget_type=\"heading.default\">\n\t\t\t\t<div class=\"elementor-widget-container\">\n\t\t\t<h2 class=\"elementor-heading-title elementor-size-default\"><span style=\"font-size:20px; \">28.05 . domingo . 19h\n\n<\/span><br>NEGRO DRAMA<\/h2>\t\t<\/div>\n\t\t\t\t<\/div>\n\t\t\t\t<div class=\"elementor-element elementor-element-74c3b98 elementor-widget elementor-widget-text-editor\" data-id=\"74c3b98\" data-element_type=\"widget\" data-widget_type=\"text-editor.default\">\n\t\t\t\t<div class=\"elementor-widget-container\">\n\t\t\t\t\t\t\t<p><span style=\"font-weight: 300;\">com Mascote<\/span><\/p><p><span style=\"font-weight: 300;\">DAN\u00c7A | 10 min. | LIVRE<\/span><span style=\"font-weight: 300;\"><br \/><\/span><span style=\"font-weight: 300;\">Centro Cultural Vila Santa Rita<\/span><\/p>\t\t\t\t\t\t<\/div>\n\t\t\t\t<\/div>\n\t\t\t\t<div class=\"elementor-element elementor-element-b0c58a0 elementor-widget elementor-widget-text-editor\" data-id=\"b0c58a0\" data-element_type=\"widget\" data-widget_type=\"text-editor.default\">\n\t\t\t\t<div class=\"elementor-widget-container\">\n\t\t\t\t\t\t\t<p><span style=\"font-weight: 300;\">A pesquisa &#8220;Que corpo negro \u00e9 esse&#8221; \u00e9 ponto de partida para a cria\u00e7\u00e3o da performance. O trabalho \u00e9 um resgate dos conhecimentos de Dewson Mascote como artista preto, suas experi\u00eancias e viv\u00eancias de quebra dos padr\u00f5es em uma sociedade racista. Na performance, busca a import\u00e2ncia da ressignifica\u00e7\u00e3o da cultura e do empoderamento das pessoas de pele preta. A proposta \u00e9 expressar, a partir da arte, a dignidade e a humanidade desse corpo que foi, e \u00e9, escravizado. \u00c9 no samba, no som do tambor, na sua cren\u00e7a, no sampler do DJ, na acrobacia do BBoy e no seu preto v\u00e9io que expressa a for\u00e7a de sua ancestralidade e entende seu corpo presente hoje.<\/span><\/p>\t\t\t\t\t\t<\/div>\n\t\t\t\t<\/div>\n\t\t\t\t<div class=\"elementor-element elementor-element-1b524fb elementor-widget elementor-widget-text-editor\" data-id=\"1b524fb\" data-element_type=\"widget\" data-widget_type=\"text-editor.default\">\n\t\t\t\t<div class=\"elementor-widget-container\">\n\t\t\t\t\t\t\t<p><b>FICHA T\u00c9CNICA<\/b><\/p><p><span style=\"font-weight: 400;\">Bailarino e int\u00e9rprete:<\/span><span style=\"font-weight: 300;\"> Dewson Mascote\u00a0<\/span><\/p><p><span style=\"font-weight: 400;\">Provocador difusor e pesquisador:<\/span><span style=\"font-weight: 300;\"> Gil Am\u00e2ncio<\/span><\/p>\t\t\t\t\t\t<\/div>\n\t\t\t\t<\/div>\n\t\t\t\t\t<\/div>\n\t\t<\/div>\n\t\t\t\t\t\t\t<\/div>\n\t\t<\/section>\n\t\t\t\t\t<\/div>\n\t\t<\/div>\n\t\t\t\t\t\t\t<\/div>\n\t\t<\/section>\n\t\t\t\t<section class=\"elementor-section elementor-top-section elementor-element elementor-element-0d11bac elementor-section-boxed elementor-section-height-default elementor-section-height-default\" data-id=\"0d11bac\" data-element_type=\"section\">\n\t\t\t\t\t\t<div class=\"elementor-container elementor-column-gap-default\">\n\t\t\t\t\t<div class=\"elementor-column elementor-col-100 elementor-top-column elementor-element elementor-element-5197de2\" data-id=\"5197de2\" data-element_type=\"column\">\n\t\t\t<div class=\"elementor-widget-wrap elementor-element-populated\">\n\t\t\t\t\t\t\t\t<div class=\"elementor-element elementor-element-e39a664 elementor-shape-circle e-grid-align-right e-grid-align-mobile-center elementor-grid-0 elementor-widget elementor-widget-social-icons\" data-id=\"e39a664\" data-element_type=\"widget\" data-widget_type=\"social-icons.default\">\n\t\t\t\t<div class=\"elementor-widget-container\">\n\t\t\t\t\t<div class=\"elementor-social-icons-wrapper elementor-grid\">\n\t\t\t\t\t\t\t<span class=\"elementor-grid-item\">\n\t\t\t\t\t<a class=\"elementor-icon elementor-social-icon elementor-social-icon-facebook elementor-repeater-item-d533e3a\" href=\"https:\/\/www.facebook.com\/burlantins\" target=\"_blank\">\n\t\t\t\t\t\t<span class=\"elementor-screen-only\">Facebook<\/span>\n\t\t\t\t\t\t<i class=\"fab fa-facebook\"><\/i>\t\t\t\t\t<\/a>\n\t\t\t\t<\/span>\n\t\t\t\t\t\t\t<span class=\"elementor-grid-item\">\n\t\t\t\t\t<a class=\"elementor-icon elementor-social-icon elementor-social-icon-instagram elementor-repeater-item-a60936e\" href=\"https:\/\/www.instagram.com\/ciaburlantins\/\" target=\"_blank\">\n\t\t\t\t\t\t<span class=\"elementor-screen-only\">Instagram<\/span>\n\t\t\t\t\t\t<i class=\"fab fa-instagram\"><\/i>\t\t\t\t\t<\/a>\n\t\t\t\t<\/span>\n\t\t\t\t\t\t\t<span class=\"elementor-grid-item\">\n\t\t\t\t\t<a class=\"elementor-icon elementor-social-icon elementor-social-icon-youtube elementor-repeater-item-b6eb838\" href=\"https:\/\/www.youtube.com\/ciaburlantins\" target=\"_blank\">\n\t\t\t\t\t\t<span class=\"elementor-screen-only\">Youtube<\/span>\n\t\t\t\t\t\t<i class=\"fab fa-youtube\"><\/i>\t\t\t\t\t<\/a>\n\t\t\t\t<\/span>\n\t\t\t\t\t\t\t<span class=\"elementor-grid-item\">\n\t\t\t\t\t<a class=\"elementor-icon elementor-social-icon elementor-social-icon-envelope elementor-repeater-item-d431c3a\" href=\"mailto:burlantis@gmail.com\" target=\"_blank\">\n\t\t\t\t\t\t<span class=\"elementor-screen-only\">Envelope<\/span>\n\t\t\t\t\t\t<i class=\"fas fa-envelope\"><\/i>\t\t\t\t\t<\/a>\n\t\t\t\t<\/span>\n\t\t\t\t\t<\/div>\n\t\t\t\t<\/div>\n\t\t\t\t<\/div>\n\t\t\t\t<div class=\"elementor-element elementor-element-c866a85 elementor-widget elementor-widget-text-editor\" data-id=\"c866a85\" data-element_type=\"widget\" data-widget_type=\"text-editor.default\">\n\t\t\t\t<div class=\"elementor-widget-container\">\n\t\t\t\t\t\t\t<p><span style=\"font-weight: 400;\">burlantins@gmail.com<\/span><\/p>\t\t\t\t\t\t<\/div>\n\t\t\t\t<\/div>\n\t\t\t\t\t<\/div>\n\t\t<\/div>\n\t\t\t\t\t\t\t<\/div>\n\t\t<\/section>\n\t\t\t\t<section class=\"elementor-section elementor-top-section elementor-element elementor-element-c2a0fd3 elementor-section-boxed elementor-section-height-default elementor-section-height-default\" data-id=\"c2a0fd3\" data-element_type=\"section\" data-settings=\"{&quot;background_background&quot;:&quot;classic&quot;}\">\n\t\t\t\t\t\t<div class=\"elementor-container elementor-column-gap-default\">\n\t\t\t\t\t<div class=\"elementor-column elementor-col-100 elementor-top-column elementor-element elementor-element-8c4328d\" data-id=\"8c4328d\" data-element_type=\"column\">\n\t\t\t<div class=\"elementor-widget-wrap elementor-element-populated\">\n\t\t\t\t\t\t\t\t<div class=\"elementor-element elementor-element-c11ea51 elementor-hidden-phone elementor-widget elementor-widget-image\" data-id=\"c11ea51\" data-element_type=\"widget\" data-widget_type=\"image.default\">\n\t\t\t\t<div class=\"elementor-widget-container\">\n\t\t\t\t\t\t\t\t\t\t\t\t\t\t\t<img loading=\"lazy\" decoding=\"async\" width=\"800\" height=\"111\" src=\"https:\/\/burlantins.com.br\/benjamin\/wp-content\/uploads\/2023\/04\/rodape-1024x142.png\" class=\"attachment-large size-large\" alt=\"\" \/>\t\t\t\t\t\t\t\t\t\t\t\t\t\t\t<\/div>\n\t\t\t\t<\/div>\n\t\t\t\t<div class=\"elementor-element elementor-element-307d92f elementor-hidden-desktop elementor-hidden-tablet elementor-widget elementor-widget-image\" data-id=\"307d92f\" data-element_type=\"widget\" data-widget_type=\"image.default\">\n\t\t\t\t<div class=\"elementor-widget-container\">\n\t\t\t\t\t\t\t\t\t\t\t\t\t\t\t<img loading=\"lazy\" decoding=\"async\" width=\"453\" height=\"234\" src=\"https:\/\/burlantins.com.br\/benjamin\/wp-content\/uploads\/2021\/06\/rodape_mobile2-min.png\" class=\"attachment-large size-large\" alt=\"\" \/>\t\t\t\t\t\t\t\t\t\t\t\t\t\t\t<\/div>\n\t\t\t\t<\/div>\n\t\t\t\t\t<\/div>\n\t\t<\/div>\n\t\t\t\t\t\t\t<\/div>\n\t\t<\/section>\n\t\t\t\t\t\t<\/div>\n\t\t\t\t\t<\/div>\n\t\t","protected":false},"excerpt":{"rendered":"<p>PROGRAMA\u00c7\u00c3O 06.05 . s\u00e1bado . 10 \u00e0s 13h PALHA\u00c7ARIA NEGRA com Juliene Lellis OFICINA | 3 horas | LIVRE Mimulus Escola e Cia de Dan\u00e7a A oficina Palha\u00e7aria Negra trabalha a escuta, a oralidade e a prontid\u00e3o, abordando as tem\u00e1ticas \u00e9tnico-raciais atrav\u00e9s de exerc\u00edcios de palha\u00e7aria, brincadeiras, improvisa\u00e7\u00e3o, jogos teatrais e a formula\u00e7\u00e3o de pequenas [&hellip;]<\/p>\n","protected":false},"author":1,"featured_media":0,"parent":0,"menu_order":0,"comment_status":"closed","ping_status":"closed","template":"elementor_header_footer","meta":{"footnotes":""},"_links":{"self":[{"href":"https:\/\/burlantins.com.br\/benjamin\/wp-json\/wp\/v2\/pages\/132"}],"collection":[{"href":"https:\/\/burlantins.com.br\/benjamin\/wp-json\/wp\/v2\/pages"}],"about":[{"href":"https:\/\/burlantins.com.br\/benjamin\/wp-json\/wp\/v2\/types\/page"}],"author":[{"embeddable":true,"href":"https:\/\/burlantins.com.br\/benjamin\/wp-json\/wp\/v2\/users\/1"}],"replies":[{"embeddable":true,"href":"https:\/\/burlantins.com.br\/benjamin\/wp-json\/wp\/v2\/comments?post=132"}],"version-history":[{"count":265,"href":"https:\/\/burlantins.com.br\/benjamin\/wp-json\/wp\/v2\/pages\/132\/revisions"}],"predecessor-version":[{"id":814,"href":"https:\/\/burlantins.com.br\/benjamin\/wp-json\/wp\/v2\/pages\/132\/revisions\/814"}],"wp:attachment":[{"href":"https:\/\/burlantins.com.br\/benjamin\/wp-json\/wp\/v2\/media?parent=132"}],"curies":[{"name":"wp","href":"https:\/\/api.w.org\/{rel}","templated":true}]}}