{"id":48,"date":"2021-05-25T17:20:15","date_gmt":"2021-05-25T20:20:15","guid":{"rendered":"https:\/\/burlantins.com.br\/benjamin\/2021\/?page_id=48"},"modified":"2021-06-18T16:53:48","modified_gmt":"2021-06-18T19:53:48","slug":"sobre","status":"publish","type":"page","link":"https:\/\/burlantins.com.br\/benjamin\/2021\/sobre\/","title":{"rendered":"Sobre"},"content":{"rendered":"\t\t<div data-elementor-type=\"wp-page\" data-elementor-id=\"48\" class=\"elementor elementor-48\" data-elementor-settings=\"[]\">\n\t\t\t\t\t\t\t<div class=\"elementor-section-wrap\">\n\t\t\t\t\t\t\t<section class=\"elementor-section elementor-top-section elementor-element elementor-element-90d3311 elementor-section-boxed elementor-section-height-default elementor-section-height-default\" data-id=\"90d3311\" data-element_type=\"section\">\n\t\t\t\t\t\t<div class=\"elementor-container elementor-column-gap-default\">\n\t\t\t\t\t<div class=\"elementor-column elementor-col-33 elementor-top-column elementor-element elementor-element-a06599b\" data-id=\"a06599b\" data-element_type=\"column\">\n\t\t\t<div class=\"elementor-widget-wrap elementor-element-populated\">\n\t\t\t\t\t\t\t\t<div class=\"elementor-element elementor-element-538db5a elementor-widget elementor-widget-image\" data-id=\"538db5a\" data-element_type=\"widget\" data-widget_type=\"image.default\">\n\t\t\t\t<div class=\"elementor-widget-container\">\n\t\t\t\t\t\t\t\t\t\t\t\t\t\t\t<img loading=\"lazy\" decoding=\"async\" width=\"800\" height=\"533\" src=\"https:\/\/burlantins.com.br\/benjamin\/2021\/wp-content\/uploads\/2021\/06\/chamada-min.png\" class=\"attachment-large size-large\" alt=\"\" \/>\t\t\t\t\t\t\t\t\t\t\t\t\t\t\t<\/div>\n\t\t\t\t<\/div>\n\t\t\t\t\t<\/div>\n\t\t<\/div>\n\t\t\t\t<div class=\"elementor-column elementor-col-66 elementor-top-column elementor-element elementor-element-2414357\" data-id=\"2414357\" data-element_type=\"column\">\n\t\t\t<div class=\"elementor-widget-wrap elementor-element-populated\">\n\t\t\t\t\t\t\t\t<div class=\"elementor-element elementor-element-a9218a9 elementor-widget elementor-widget-heading\" data-id=\"a9218a9\" data-element_type=\"widget\" data-widget_type=\"heading.default\">\n\t\t\t\t<div class=\"elementor-widget-container\">\n\t\t\t<h2 class=\"elementor-heading-title elementor-size-default\">sobre<\/h2>\t\t<\/div>\n\t\t\t\t<\/div>\n\t\t\t\t<div class=\"elementor-element elementor-element-f6e1fa5 elementor-widget elementor-widget-text-editor\" data-id=\"f6e1fa5\" data-element_type=\"widget\" data-widget_type=\"text-editor.default\">\n\t\t\t\t<div class=\"elementor-widget-container\">\n\t\t\t\t\t\t\t<p><span style=\"font-weight: 400;\">Idealizada por Mauricio Tizumba em 2013, a <\/span><b>Mostra Benjamin de Oliveira<\/b><span style=\"font-weight: 400;\"> revela no nome seu eixo tem\u00e1tico. Benjamin de Oliveira foi o primeiro palha\u00e7o negro do Brasil, conhecido como o Rei dos Palha\u00e7os e considerado o criador do circo-teatro brasileiro.\u00a0\u00a0<\/span><\/p><p><span style=\"font-weight: 400;\">Neste ano, sua 6\u00aa edi\u00e7\u00e3o reafirma o objetivo de valorizar a cultura afro-brasileira por meio do protagonismo dos corpos negros em cena, trazendo espet\u00e1culos de teatro, dan\u00e7a e teatro infantil compostos por elencos predominantemente negros.\u00a0<\/span><\/p><p><span style=\"font-weight: 400;\">\/\/ a 6\u00aa edi\u00e7\u00e3o da Mostra Benjamin de Oliveira \u00e9 viabilizada por meio da Lei Aldir Blanc no \u00e2mbito do Estado de Minas Gerais<\/span><\/p><p>\u00a0<\/p><h2><b>FICHA T\u00c9CNICA<\/b><\/h2><p><i><span style=\"font-weight: 400;\">Mostra Benjamin de Oliveira. edi\u00e7\u00e3o VI<\/span><\/i><\/p><p>\u00a0<\/p><p><span style=\"font-weight: 400;\">Idealiza\u00e7\u00e3o: Mauricio Tizumba<\/span><span style=\"font-weight: 400;\"><br \/><\/span><span style=\"font-weight: 400;\">Realiza\u00e7\u00e3o: Cia Burlantins<\/span><\/p><p><span style=\"font-weight: 400;\">Curadoria: J\u00falia Tizumba<\/span><\/p><p><span style=\"font-weight: 400;\">Gest\u00e3o e produ\u00e7\u00e3o executiva: Karu Torres e Elias Gibran (Napele Produ\u00e7\u00f5es Art\u00edsticas)<\/span><\/p><p><span style=\"font-weight: 400;\">Designer: Mariana Misk (Oeste)<\/span><\/p><p><span style=\"font-weight: 400;\">Redes sociais: J\u00falia Moys\u00e9s e Jessica Soares<\/span><\/p><p><span style=\"font-weight: 400;\">Imprensa: Jozane Faleiro<\/span><\/p><p><span style=\"font-weight: 400;\">Registro e transmiss\u00e3o online: Pablo Bernardo<\/span><\/p><p><span style=\"font-weight: 400;\">MC: Rodrigo Neg\u00e3o<\/span><\/p><p><span style=\"font-weight: 400;\">Fot\u00f3grafo: Patrick Arley<\/span><\/p><p><span style=\"font-weight: 400;\">Ilumina\u00e7\u00e3o: Colibri<\/span><\/p><p><span style=\"font-weight: 400;\">Alimenta\u00e7\u00e3o: Tia Rosa<\/span><\/p>\t\t\t\t\t\t<\/div>\n\t\t\t\t<\/div>\n\t\t\t\t\t<\/div>\n\t\t<\/div>\n\t\t\t\t\t\t\t<\/div>\n\t\t<\/section>\n\t\t\t\t<section class=\"elementor-section elementor-top-section elementor-element elementor-element-87f0551 elementor-section-boxed elementor-section-height-default elementor-section-height-default\" data-id=\"87f0551\" data-element_type=\"section\">\n\t\t\t\t\t\t<div class=\"elementor-container elementor-column-gap-default\">\n\t\t\t\t\t<div class=\"elementor-column elementor-col-100 elementor-top-column elementor-element elementor-element-184b7d7\" data-id=\"184b7d7\" data-element_type=\"column\">\n\t\t\t<div class=\"elementor-widget-wrap elementor-element-populated\">\n\t\t\t\t\t\t\t\t<div class=\"elementor-element elementor-element-38be9c2 elementor-shape-circle e-grid-align-right e-grid-align-mobile-center elementor-grid-0 elementor-widget elementor-widget-social-icons\" data-id=\"38be9c2\" data-element_type=\"widget\" data-widget_type=\"social-icons.default\">\n\t\t\t\t<div class=\"elementor-widget-container\">\n\t\t\t\t\t<div class=\"elementor-social-icons-wrapper elementor-grid\">\n\t\t\t\t\t\t\t<span class=\"elementor-grid-item\">\n\t\t\t\t\t<a class=\"elementor-icon elementor-social-icon elementor-social-icon-facebook elementor-repeater-item-d533e3a\" href=\"https:\/\/www.facebook.com\/burlantins\" target=\"_blank\">\n\t\t\t\t\t\t<span class=\"elementor-screen-only\">Facebook<\/span>\n\t\t\t\t\t\t<i class=\"fab fa-facebook\"><\/i>\t\t\t\t\t<\/a>\n\t\t\t\t<\/span>\n\t\t\t\t\t\t\t<span class=\"elementor-grid-item\">\n\t\t\t\t\t<a class=\"elementor-icon elementor-social-icon elementor-social-icon-instagram elementor-repeater-item-a60936e\" href=\"https:\/\/www.instagram.com\/ciaburlantins\/\" target=\"_blank\">\n\t\t\t\t\t\t<span class=\"elementor-screen-only\">Instagram<\/span>\n\t\t\t\t\t\t<i class=\"fab fa-instagram\"><\/i>\t\t\t\t\t<\/a>\n\t\t\t\t<\/span>\n\t\t\t\t\t\t\t<span class=\"elementor-grid-item\">\n\t\t\t\t\t<a class=\"elementor-icon elementor-social-icon elementor-social-icon-youtube elementor-repeater-item-b6eb838\" href=\"https:\/\/www.youtube.com\/ciaburlantins\" target=\"_blank\">\n\t\t\t\t\t\t<span class=\"elementor-screen-only\">Youtube<\/span>\n\t\t\t\t\t\t<i class=\"fab fa-youtube\"><\/i>\t\t\t\t\t<\/a>\n\t\t\t\t<\/span>\n\t\t\t\t\t\t\t<span class=\"elementor-grid-item\">\n\t\t\t\t\t<a class=\"elementor-icon elementor-social-icon elementor-social-icon-envelope elementor-repeater-item-d431c3a\" href=\"mailto:burlantis@gmail.com\" target=\"_blank\">\n\t\t\t\t\t\t<span class=\"elementor-screen-only\">Envelope<\/span>\n\t\t\t\t\t\t<i class=\"fas fa-envelope\"><\/i>\t\t\t\t\t<\/a>\n\t\t\t\t<\/span>\n\t\t\t\t\t<\/div>\n\t\t\t\t<\/div>\n\t\t\t\t<\/div>\n\t\t\t\t<div class=\"elementor-element elementor-element-df2bcff elementor-widget elementor-widget-text-editor\" data-id=\"df2bcff\" data-element_type=\"widget\" data-widget_type=\"text-editor.default\">\n\t\t\t\t<div class=\"elementor-widget-container\">\n\t\t\t\t\t\t\t<p><span style=\"font-weight: 400;\">burlantins@gmail.com<\/span><\/p>\t\t\t\t\t\t<\/div>\n\t\t\t\t<\/div>\n\t\t\t\t\t<\/div>\n\t\t<\/div>\n\t\t\t\t\t\t\t<\/div>\n\t\t<\/section>\n\t\t\t\t<section class=\"elementor-section elementor-top-section elementor-element elementor-element-ae85fd3 elementor-section-boxed elementor-section-height-default elementor-section-height-default\" data-id=\"ae85fd3\" data-element_type=\"section\">\n\t\t\t\t\t\t<div class=\"elementor-container elementor-column-gap-default\">\n\t\t\t\t\t<div class=\"elementor-column elementor-col-100 elementor-top-column elementor-element elementor-element-e07946c\" data-id=\"e07946c\" data-element_type=\"column\">\n\t\t\t<div class=\"elementor-widget-wrap elementor-element-populated\">\n\t\t\t\t\t\t\t\t<div class=\"elementor-element elementor-element-593ae09 elementor-hidden-phone elementor-widget elementor-widget-image\" data-id=\"593ae09\" data-element_type=\"widget\" data-widget_type=\"image.default\">\n\t\t\t\t<div class=\"elementor-widget-container\">\n\t\t\t\t\t\t\t\t\t\t\t\t\t\t\t<img loading=\"lazy\" decoding=\"async\" width=\"800\" height=\"111\" src=\"https:\/\/burlantins.com.br\/benjamin\/2021\/wp-content\/uploads\/2021\/06\/rodape-min-1024x142.png\" class=\"attachment-large size-large\" alt=\"\" \/>\t\t\t\t\t\t\t\t\t\t\t\t\t\t\t<\/div>\n\t\t\t\t<\/div>\n\t\t\t\t<div class=\"elementor-element elementor-element-e11c2ca elementor-hidden-desktop elementor-hidden-tablet elementor-widget elementor-widget-image\" data-id=\"e11c2ca\" data-element_type=\"widget\" data-widget_type=\"image.default\">\n\t\t\t\t<div class=\"elementor-widget-container\">\n\t\t\t\t\t\t\t\t\t\t\t\t\t\t\t<img loading=\"lazy\" decoding=\"async\" width=\"453\" height=\"234\" src=\"https:\/\/burlantins.com.br\/benjamin\/2021\/wp-content\/uploads\/2021\/06\/rodape_mobile2-min.png\" class=\"attachment-large size-large\" alt=\"\" \/>\t\t\t\t\t\t\t\t\t\t\t\t\t\t\t<\/div>\n\t\t\t\t<\/div>\n\t\t\t\t\t<\/div>\n\t\t<\/div>\n\t\t\t\t\t\t\t<\/div>\n\t\t<\/section>\n\t\t\t\t\t\t<\/div>\n\t\t\t\t\t<\/div>\n\t\t","protected":false},"excerpt":{"rendered":"<p>sobre Idealizada por Mauricio Tizumba em 2013, a Mostra Benjamin de Oliveira revela no nome seu eixo tem\u00e1tico. Benjamin de Oliveira foi o primeiro palha\u00e7o negro do Brasil, conhecido como o Rei dos Palha\u00e7os e considerado o criador do circo-teatro brasileiro.\u00a0\u00a0 Neste ano, sua 6\u00aa edi\u00e7\u00e3o reafirma o objetivo de valorizar a cultura afro-brasileira por [&hellip;]<\/p>\n","protected":false},"author":1,"featured_media":0,"parent":0,"menu_order":0,"comment_status":"closed","ping_status":"closed","template":"elementor_header_footer","meta":{"footnotes":""},"_links":{"self":[{"href":"https:\/\/burlantins.com.br\/benjamin\/2021\/wp-json\/wp\/v2\/pages\/48"}],"collection":[{"href":"https:\/\/burlantins.com.br\/benjamin\/2021\/wp-json\/wp\/v2\/pages"}],"about":[{"href":"https:\/\/burlantins.com.br\/benjamin\/2021\/wp-json\/wp\/v2\/types\/page"}],"author":[{"embeddable":true,"href":"https:\/\/burlantins.com.br\/benjamin\/2021\/wp-json\/wp\/v2\/users\/1"}],"replies":[{"embeddable":true,"href":"https:\/\/burlantins.com.br\/benjamin\/2021\/wp-json\/wp\/v2\/comments?post=48"}],"version-history":[{"count":112,"href":"https:\/\/burlantins.com.br\/benjamin\/2021\/wp-json\/wp\/v2\/pages\/48\/revisions"}],"predecessor-version":[{"id":687,"href":"https:\/\/burlantins.com.br\/benjamin\/2021\/wp-json\/wp\/v2\/pages\/48\/revisions\/687"}],"wp:attachment":[{"href":"https:\/\/burlantins.com.br\/benjamin\/2021\/wp-json\/wp\/v2\/media?parent=48"}],"curies":[{"name":"wp","href":"https:\/\/api.w.org\/{rel}","templated":true}]}}